{"id":29804,"date":"2024-06-21T20:48:36","date_gmt":"2024-06-21T18:48:36","guid":{"rendered":"https:\/\/pyrkon.pl\/?page_id=29804"},"modified":"2024-06-21T20:48:38","modified_gmt":"2024-06-21T18:48:38","slug":"media-about-pyrkon","status":"publish","type":"page","link":"https:\/\/pyrkon.pl\/en\/media-about-pyrkon\/","title":{"rendered":"Media about Pyrkon"},"content":{"rendered":"<p><strong>The 20th edition of Pyrkon has come to an end. The next one will take place on June 16-18, 2023. We very much hope not only to see as large and colorful a number of you next year, but we also hope that in a year you will have an equally fantastic time here!&nbsp;&nbsp;<\/strong><\/p>\n<p><!--more--><\/p>\n<blockquote><p>50 tysi\u0119cy go\u015bci, setki kostium\u00f3w, dziesi\u0105tki stoisk i jedna pasja: fantastyka. Pozna\u0144 na trzy dni sta\u0142 si\u0119 stolic\u0105 dla wielu fikcyjnych \u015bwiat\u00f3w. Wiedzieli\u015bmy, \u017ce nie mo\u017ce nas tam zabrakn\u0105\u0107. Pojechali\u015bmy, zobaczyli\u015bmy i absolutnie nie \u017ca\u0142ujemy, bo Pyrkon 2019 by\u0142, m\u00f3wi\u0105c kr\u00f3tko, \u015bwietny!<\/p><\/blockquote>\n<p style=\"text-align: right;\"><strong>\u2013 <a href=\"https:\/\/menway.interia.pl\/popkultura\/news-pyrkon-2019-potezna-relacja-z-najwiekszego-w-polsce-festiwal,nId,2979286,nPack,1\">Menway Interia.pl<\/a><\/strong><\/p>\n<blockquote><p>Pyrkon, czy inne fantastyczne festiwale, to po prostu przestrze\u0144 dla swobodnego wyra\u017cania siebie, gdzie ka\u017cdy, kto ma jakiego\u015b \u201ebzika\u201d mo\u017ce si\u0119 tym pochwali\u0107 i wie, \u017ce nie zostanie za to skrytykowany.<\/p><\/blockquote>\n<p style=\"text-align: right;\"><strong>\u2013 Marcin Zwierzchowski dla <a href=\"https:\/\/www.newsweek.pl\/polska\/pyrkon-konwenty-i-cosplay-czyli-dlaczego-ktos-przebiera-sie-za-kucyka-albo-dartha\/qghj7q4\">Newsweek<\/a><\/strong><\/p>\n<blockquote><p>Kto nie by\u0142 &#8211; niech \u017ca\u0142uje i sprawdzi, co go omin\u0119\u0142o. Zapraszamy na nasz\u0105 galeri\u0119 z zako\u0144czonego w niedziel\u0119 najwi\u0119kszego w Polsce festiwalu Fantastyki i Science Fiction.<\/p><\/blockquote>\n<p style=\"text-align: right;\"><strong>\u2013 <a href=\"https:\/\/www.redbull.com\/pl-pl\/pyrkon-2019-galeria-cosplay-atmosfera\">Red Bull<\/a><\/strong><\/p>\n<blockquote><p>Wiek, p\u0142e\u0107 i rodzaj zainteresowa\u0144 nie maj\u0105 na Pyrkonie &#8211; reklamuj\u0105cym si\u0119 has\u0142em &#8220;fantastyczne miejsce spotka\u0144&#8221; &#8211; \u017cadnego znaczenia.&nbsp;Przez trzy dni mo\u017cna znale\u017a\u0107 dla siebie mn\u00f3stwo atrakcji, poznawa\u0107 ludzi o podobnej pasji, wyj\u015b\u0107 z pe\u0142nymi torbami (i pustym portfelem) z hali targowej,&nbsp;bra\u0107 udzia\u0142 w prelekcjach&nbsp;itd.<\/p><\/blockquote>\n<p style=\"text-align: right;\"><strong>\u2013 <a href=\"https:\/\/film.wp.pl\/pyrkon-to-fantastyczne-miejsce-spotkan-z-roku-na-rok-jest-coraz-lepiej-6375551059404929a\">WP Film<\/a><\/strong><\/p>\n<blockquote><p>Na Pyrkonie mo\u017cecie tak\u017ce odda\u0107 krew i nauczy\u0107 si\u0119 \u015bpiewu etnicznego. Tutaj poka\u017c\u0105 Ci jak przetrwa\u0107 w dziczy i jak wypowiedzie\u0107 pierwsze zdanie po elficku. Przy odrobinie szcz\u0119\u015bcia mo\u017cna natkn\u0105\u0107 si\u0119 na weso\u0142y korow\u00f3d Spider-man\u00f3w, lub obserowa\u0107 przemarsz wojsk Imperium. Przebieg festiwalu nigdy nie jest do ko\u0144ca znany \u2013 kreatywno\u015b\u0107 i wyobra\u017ania jego uczestnik\u00f3w nie zna granic.<\/p><\/blockquote>\n<p style=\"text-align: right;\"><strong>\u2013 <a href=\"http:\/\/www.benchmark.pl\/aktualnosci\/jak-bylo-na-pyrkonie.html?fd\">Benchmark<\/a><\/strong><\/p>\n<blockquote><p>Fandom, acz dzi\u015b pewnie trafniej u\u017cywa\u0107 liczby mnogiej: fandomy, jak mu si\u0119 przygl\u0105dam z zewn\u0105trz, jawi mi si\u0119 jako \u015brodowisko zbieraj\u0105ce ludzi, kt\u00f3rzy maj\u0105 jak\u0105\u015b pasj\u0119 \u2013 co\u015b czytaj\u0105, ogl\u0105daj\u0105, graj\u0105, przebieraj\u0105 si\u0119, szyj\u0105 stroje, kolekcjonuj\u0105 \u2013 i do tej pasji podchodz\u0105 z du\u017cym zaanga\u017cowaniem. To wielce niejednorodna spo\u0142eczno\u015b\u0107, dla kt\u00f3rej wybrane aspekty kultury stanowi\u0105 bardzo wa\u017cn\u0105 cz\u0119\u015b\u0107 \u017cycia, na tyle wa\u017cn\u0105, \u017ce po\u015bwi\u0119caj\u0105 jej czas i pieni\u0105dze, a tak\u017ce identyfikuj\u0105 si\u0119 i rozpoznaj\u0105 na podstawie tych\u017ce pasji.<\/p><\/blockquote>\n<p style=\"text-align: right;\"><strong>\u2013 <a href=\"http:\/\/lubimyczytac.pl\/aktualnosci\/11968\/zdziwienie-i-niesmak-glos-w-sprawie-artykulu-z-newsweeka-o-pyrkonie\">Lubimyczytac.pl<\/a><\/strong><\/p>\n<blockquote><p>Nawet, je\u015bli nie jeste\u015bcie fanami konwent\u00f3w, festiwali SF, zjazd\u00f3w mi\u0142o\u015bnik\u00f3w i tym podobnych zgromadze\u0144, to namawiamy, cho\u0107 raz wybierzcie si\u0119 na Pyrkon. Jest to bowiem to \u015bwietne miejsce, pe\u0142ne pozytywnie zakr\u0119conych m\u0142odych ludzi, kt\u00f3rym si\u0119 chce. Chce im si\u0119 przygotowa\u0107 str\u00f3j, bawi\u0107 na stoiskach z grami, zachwyca\u0107 retro komputerami.<\/p><\/blockquote>\n<p style=\"text-align: right;\"><strong>\u2013 <a href=\"https:\/\/www.chip.pl\/2019\/04\/kolorowo-kosmicznie-i-z-fantazja-taki-byl-pyrkon-2019\/\">Chip<\/a><\/strong><\/p>\n<blockquote><p>Zobaczenie jak ka\u017cdy pasjonat anime, mangi, fantasy, czy czegokolwiek innego powi\u0105zanego z Pyrkonem m\u00f3g\u0142 si\u0119 tu uzewn\u0119trzni\u0107 by\u0142o czym\u015b naprawd\u0119 fajnym. Nikt nie wytyka\u0142 si\u0119 palcami, nikt si\u0119 z nikogo nie \u015bmia\u0142, panowa\u0142a tutaj prze\u015bwietna atmosfera, jakiej brakowa\u0142o mi chocia\u017cby na PGA. Na halach mija\u0142em rodziny, dzieci, starszych ludzi, impreza by\u0142a dos\u0142ownie dla ka\u017cdego.<\/p><\/blockquote>\n<p style=\"text-align: right;\"><strong>\u2013 <a href=\"https:\/\/how2play.pl\/game-over\/pyrkon-2019-relacja\/\">HOW2PLAY<\/a><\/strong><\/p>\n<blockquote><p>Chocia\u017c trzy dni festiwalu by\u0142y do\u015b\u0107 intensywne i wyczerpuj\u0105ce, po raz kolejny odnios\u0142em wra\u017cenie, \u017ce min\u0119\u0142y wyj\u0105tkowo szybko i konwent trwa\u0142 po prostu za kr\u00f3tko.<\/p><\/blockquote>\n<p style=\"text-align: right;\"><strong>\u2013 <a href=\"https:\/\/ostatniatawerna.pl\/ja-nie-poprawie-trzymaj-mi-piwo-relacja-z-festiwalu-fantastyki-pyrkon-2019\/\">Ostatnia Tawerna<\/a><\/strong><\/p>\n<blockquote><p>Atmosfera panuj\u0105ca na Pyrkonie jak zawsze by\u0142a bardzo przyjemna. Uczestnicy nastawieni na mi\u0142e sp\u0119dzenie czasu w gronie znajomych oraz nowo poznanych os\u00f3b organizowali mas\u0119 w\u0142asnych miniimprez, \u015bpiewogier przy akompaniamencie gitar klasycznych oraz wsp\u00f3lnych sesji zdj\u0119ciowych.<\/p><\/blockquote>\n<p style=\"text-align: right;\"><strong>\u2013 <a href=\"https:\/\/konwenty-poludniowe.pl\/konwenty\/relacje-z-konwentow\/2833-relacja-pyrkon-2019-dla-kazdego-cos-dobrego\">Konwenty Po\u0142udniowe<\/a><\/strong><\/p>\n<blockquote><p>Atmosfer\u0119 i magi\u0119, w jakie obfituje Pyrkon, trudno by\u0142oby zmierzy\u0107 jak\u0105kolwiek istniej\u0105c\u0105 miar\u0105. Mo\u017cna wi\u0119c liczy\u0107, \u017ce cho\u0107 zdj\u0119cia oddadz\u0105 odrobin\u0119 niesamowitej aury corocznego \u015bwi\u0119ta fantastyki.<\/p><\/blockquote>\n<p style=\"text-align: right;\"><strong>\u2013 <a href=\"https:\/\/kulturalnemedia.pl\/literatura\/magicznie-nieobliczalny-pyrkon-2019-fotorelacja\/\">Kulturalne Media<\/a><\/strong><\/p>\n<blockquote><p>Ostatni\u0105 relacje podsumowa\u0142am zdaniem, &#8220;Jak \u017cy\u0107 po Pyrkonie&#8221;? Dzisiaj nie znam odpowiedzi na to pytanie, chyba d\u0142ugo b\u0119dziemy dochodzi\u0107 do siebie, bo koniec tego eventu zawsze pozostawia w nas pewn\u0105 pustk\u0119.<\/p><\/blockquote>\n<p style=\"text-align: right;\"><strong>\u2013 <a href=\"https:\/\/jarock.pl\/pyrkon-2019-relacja\">Ja, Rock!<\/a><\/strong><\/p>\n<h2>Relacje znajdziecie r\u00f3wnie\u017c na YouTube!<\/h2>\n<p><strong>Polsat Games:<\/strong><\/p>\n<div class=\"c-embed c-embed--video\"><iframe loading=\"lazy\" title=\"Faux Paux | Tadeusz Zieli\u0144ski i Radek Na\u0142\u0119cz | odc. 7 | Polsat Games\" width=\"500\" height=\"281\" src=\"https:\/\/www.youtube.com\/embed\/DzTmaWLyflY?feature=oembed\" frameborder=\"0\" allow=\"accelerometer; autoplay; clipboard-write; encrypted-media; gyroscope; picture-in-picture; web-share\" referrerpolicy=\"strict-origin-when-cross-origin\" allowfullscreen><\/iframe><\/div>\n<p><strong>ARHN.EU:&nbsp;<\/strong><\/p>\n<div class=\"c-embed c-embed--video\"><iframe loading=\"lazy\" title=\"Tak by\u0142o na Pyrkonie 2019!\" width=\"500\" height=\"281\" src=\"https:\/\/www.youtube.com\/embed\/i57JYUkJPrE?feature=oembed\" frameborder=\"0\" allow=\"accelerometer; autoplay; clipboard-write; encrypted-media; gyroscope; picture-in-picture; web-share\" referrerpolicy=\"strict-origin-when-cross-origin\" allowfullscreen><\/iframe><\/div>\n<p><strong>NerdHub:<\/strong><\/p>\n<div class=\"c-embed c-embed--video\"><iframe loading=\"lazy\" title=\"Pyrkon 2019 - festiwal na 50 000 os\u00f3b!\" width=\"500\" height=\"281\" src=\"https:\/\/www.youtube.com\/embed\/g8NQgxZGQBA?feature=oembed\" frameborder=\"0\" allow=\"accelerometer; autoplay; clipboard-write; encrypted-media; gyroscope; picture-in-picture; web-share\" referrerpolicy=\"strict-origin-when-cross-origin\" allowfullscreen><\/iframe><\/div>\n<p><strong>Benchmarkpl:<\/strong><\/p>\n<div class=\"c-embed c-embed--video\"><iframe loading=\"lazy\" title=\"Pyrkon 2019 - cosplay\" width=\"500\" height=\"281\" src=\"https:\/\/www.youtube.com\/embed\/EPDYeGex7uE?feature=oembed\" frameborder=\"0\" allow=\"accelerometer; autoplay; clipboard-write; encrypted-media; gyroscope; picture-in-picture; web-share\" referrerpolicy=\"strict-origin-when-cross-origin\" allowfullscreen><\/iframe><\/div>\n<p><strong>Archill:<\/strong><\/p>\n<div class=\"c-embed c-embed--video\"><iframe loading=\"lazy\" title=\"PYRKON 2019 - CLIP [COSPLAY]\" width=\"500\" height=\"281\" src=\"https:\/\/www.youtube.com\/embed\/L-hCX4kgv_I?feature=oembed\" frameborder=\"0\" allow=\"accelerometer; autoplay; clipboard-write; encrypted-media; gyroscope; picture-in-picture; web-share\" referrerpolicy=\"strict-origin-when-cross-origin\" allowfullscreen><\/iframe><\/div>\n<p><strong>Popbookownik:<\/strong><\/p>\n<p>https:\/\/www.youtube.com\/watch?v=tD8WDYlOKp4&#038;t<\/p>\n","protected":false},"excerpt":{"rendered":"<p>The 20th edition of Pyrkon has come to an end. The next one will take place on June 16-18, 2023. We very much hope not only to see as large and colorful a number of you next year, but we also hope that in a year you will have an equally fantastic time here!&nbsp;&nbsp;<\/p>\n","protected":false},"author":8796,"featured_media":0,"parent":0,"menu_order":0,"comment_status":"closed","ping_status":"closed","template":"","meta":{"_acf_changed":false,"footnotes":""},"pyr_topics":[],"class_list":["post-29804","page","type-page","status-publish","hentry"],"acf":[],"yoast_head":"<!-- This site is optimized with the Yoast SEO Premium plugin v25.9 (Yoast SEO v25.9) - https:\/\/yoast.com\/wordpress\/plugins\/seo\/ -->\n<title>Media about Pyrkon &#8902; Pyrkon Fantastyczne Miejsce Spotka\u0144<\/title>\n<meta name=\"description\" content=\"Pyrkon to przede wszystkim ludzie \u2013 fani fantastyki, tw\u00f3rcy, producenci, wystawcy i\u2026 Ty, poniewa\u017c Pyrkon to fantastyczne miejsce spotka\u0144. Spotkaj dziesi\u0105tki tysi\u0119cy niesamowitych ludzi, kt\u00f3rzy dziel\u0105 to samo hobby, co Ty! Podobnie do nich wr\u00f3cisz z fantastycznymi wspomnieniami do ko\u0144ca \u017cycia! Do\u0142\u0105cz do nas ju\u017c teraz!\" \/>\n<meta name=\"robots\" content=\"index, follow, max-snippet:-1, max-image-preview:large, max-video-preview:-1\" \/>\n<link rel=\"canonical\" href=\"https:\/\/pyrkon.pl\/en\/media-about-pyrkon\/\" \/>\n<meta property=\"og:locale\" content=\"en_US\" \/>\n<meta property=\"og:type\" content=\"article\" \/>\n<meta property=\"og:title\" content=\"Media about Pyrkon\" \/>\n<meta property=\"og:description\" content=\"Pyrkon to przede wszystkim ludzie \u2013 fani fantastyki, tw\u00f3rcy, producenci, wystawcy i\u2026 Ty, poniewa\u017c Pyrkon to fantastyczne miejsce spotka\u0144. Spotkaj dziesi\u0105tki tysi\u0119cy niesamowitych ludzi, kt\u00f3rzy dziel\u0105 to samo hobby, co Ty! Podobnie do nich wr\u00f3cisz z fantastycznymi wspomnieniami do ko\u0144ca \u017cycia! Do\u0142\u0105cz do nas ju\u017c teraz!\" \/>\n<meta property=\"og:url\" content=\"https:\/\/pyrkon.pl\/en\/media-about-pyrkon\/\" \/>\n<meta property=\"og:site_name\" content=\"Pyrkon Fantastyczne Miejsce Spotka\u0144\" \/>\n<meta property=\"article:publisher\" content=\"https:\/\/www.facebook.com\/Pyrkon\" \/>\n<meta property=\"article:modified_time\" content=\"2024-06-21T18:48:38+00:00\" \/>\n<meta name=\"twitter:card\" content=\"summary_large_image\" \/>\n<meta name=\"twitter:site\" content=\"@pyrkon\" \/>\n<meta name=\"twitter:label1\" content=\"Est. reading time\" \/>\n\t<meta name=\"twitter:data1\" content=\"4 minutes\" \/>\n<script type=\"application\/ld+json\" class=\"yoast-schema-graph\">{\"@context\":\"https:\/\/schema.org\",\"@graph\":[{\"@type\":\"WebPage\",\"@id\":\"https:\/\/pyrkon.pl\/en\/media-about-pyrkon\/\",\"url\":\"https:\/\/pyrkon.pl\/en\/media-about-pyrkon\/\",\"name\":\"Media about Pyrkon &#8902; Pyrkon Fantastyczne Miejsce Spotka\u0144\",\"isPartOf\":{\"@id\":\"https:\/\/pyrkon.pl\/#website\"},\"datePublished\":\"2024-06-21T18:48:36+00:00\",\"dateModified\":\"2024-06-21T18:48:38+00:00\",\"description\":\"Pyrkon to przede wszystkim ludzie \u2013 fani fantastyki, tw\u00f3rcy, producenci, wystawcy i\u2026 Ty, poniewa\u017c Pyrkon to fantastyczne miejsce spotka\u0144. Spotkaj dziesi\u0105tki tysi\u0119cy niesamowitych ludzi, kt\u00f3rzy dziel\u0105 to samo hobby, co Ty! Podobnie do nich wr\u00f3cisz z fantastycznymi wspomnieniami do ko\u0144ca \u017cycia! Do\u0142\u0105cz do nas ju\u017c teraz!\",\"breadcrumb\":{\"@id\":\"https:\/\/pyrkon.pl\/en\/media-about-pyrkon\/#breadcrumb\"},\"inLanguage\":\"en-US\",\"potentialAction\":[{\"@type\":\"ReadAction\",\"target\":[\"https:\/\/pyrkon.pl\/en\/media-about-pyrkon\/\"]}]},{\"@type\":\"BreadcrumbList\",\"@id\":\"https:\/\/pyrkon.pl\/en\/media-about-pyrkon\/#breadcrumb\",\"itemListElement\":[{\"@type\":\"ListItem\",\"position\":1,\"name\":\"Strona g\u0142\u00f3wna\",\"item\":\"https:\/\/pyrkon.pl\/en\/\"},{\"@type\":\"ListItem\",\"position\":2,\"name\":\"Media about Pyrkon\"}]},{\"@type\":\"WebSite\",\"@id\":\"https:\/\/pyrkon.pl\/#website\",\"url\":\"https:\/\/pyrkon.pl\/\",\"name\":\"Pyrkon Fantastyczne Miejsce Spotka\u0144\",\"description\":\"Festiwal Fantastyki\",\"publisher\":{\"@id\":\"https:\/\/pyrkon.pl\/#organization\"},\"potentialAction\":[{\"@type\":\"SearchAction\",\"target\":{\"@type\":\"EntryPoint\",\"urlTemplate\":\"https:\/\/pyrkon.pl\/?s={search_term_string}\"},\"query-input\":{\"@type\":\"PropertyValueSpecification\",\"valueRequired\":true,\"valueName\":\"search_term_string\"}}],\"inLanguage\":\"en-US\"},{\"@type\":\"Organization\",\"@id\":\"https:\/\/pyrkon.pl\/#organization\",\"name\":\"Pyrkon Fantastyczne Miejsce Spotka\u0144\",\"url\":\"https:\/\/pyrkon.pl\/\",\"logo\":{\"@type\":\"ImageObject\",\"inLanguage\":\"en-US\",\"@id\":\"https:\/\/pyrkon.pl\/#\/schema\/logo\/image\/\",\"url\":\"https:\/\/pyrkon.pl\/wp-content\/uploads\/2018\/02\/Festiwal_Fantastyki_Pyrkon_logo_Black_CMYK.jpg\",\"contentUrl\":\"https:\/\/pyrkon.pl\/wp-content\/uploads\/2018\/02\/Festiwal_Fantastyki_Pyrkon_logo_Black_CMYK.jpg\",\"width\":1300,\"height\":401,\"caption\":\"Pyrkon Fantastyczne Miejsce Spotka\u0144\"},\"image\":{\"@id\":\"https:\/\/pyrkon.pl\/#\/schema\/logo\/image\/\"},\"sameAs\":[\"https:\/\/www.facebook.com\/Pyrkon\",\"https:\/\/x.com\/pyrkon\",\"https:\/\/www.instagram.com\/pyrkon\/\",\"https:\/\/www.youtube.com\/user\/FestiwalPyrkon\"]}]}<\/script>\n<!-- \/ Yoast SEO Premium plugin. -->","yoast_head_json":{"title":"Media about Pyrkon &#8902; Pyrkon Fantastyczne Miejsce Spotka\u0144","description":"Pyrkon to przede wszystkim ludzie \u2013 fani fantastyki, tw\u00f3rcy, producenci, wystawcy i\u2026 Ty, poniewa\u017c Pyrkon to fantastyczne miejsce spotka\u0144. Spotkaj dziesi\u0105tki tysi\u0119cy niesamowitych ludzi, kt\u00f3rzy dziel\u0105 to samo hobby, co Ty! Podobnie do nich wr\u00f3cisz z fantastycznymi wspomnieniami do ko\u0144ca \u017cycia! Do\u0142\u0105cz do nas ju\u017c teraz!","robots":{"index":"index","follow":"follow","max-snippet":"max-snippet:-1","max-image-preview":"max-image-preview:large","max-video-preview":"max-video-preview:-1"},"canonical":"https:\/\/pyrkon.pl\/en\/media-about-pyrkon\/","og_locale":"en_US","og_type":"article","og_title":"Media about Pyrkon","og_description":"Pyrkon to przede wszystkim ludzie \u2013 fani fantastyki, tw\u00f3rcy, producenci, wystawcy i\u2026 Ty, poniewa\u017c Pyrkon to fantastyczne miejsce spotka\u0144. Spotkaj dziesi\u0105tki tysi\u0119cy niesamowitych ludzi, kt\u00f3rzy dziel\u0105 to samo hobby, co Ty! Podobnie do nich wr\u00f3cisz z fantastycznymi wspomnieniami do ko\u0144ca \u017cycia! Do\u0142\u0105cz do nas ju\u017c teraz!","og_url":"https:\/\/pyrkon.pl\/en\/media-about-pyrkon\/","og_site_name":"Pyrkon Fantastyczne Miejsce Spotka\u0144","article_publisher":"https:\/\/www.facebook.com\/Pyrkon","article_modified_time":"2024-06-21T18:48:38+00:00","twitter_card":"summary_large_image","twitter_site":"@pyrkon","twitter_misc":{"Est. reading time":"4 minutes"},"schema":{"@context":"https:\/\/schema.org","@graph":[{"@type":"WebPage","@id":"https:\/\/pyrkon.pl\/en\/media-about-pyrkon\/","url":"https:\/\/pyrkon.pl\/en\/media-about-pyrkon\/","name":"Media about Pyrkon &#8902; Pyrkon Fantastyczne Miejsce Spotka\u0144","isPartOf":{"@id":"https:\/\/pyrkon.pl\/#website"},"datePublished":"2024-06-21T18:48:36+00:00","dateModified":"2024-06-21T18:48:38+00:00","description":"Pyrkon to przede wszystkim ludzie \u2013 fani fantastyki, tw\u00f3rcy, producenci, wystawcy i\u2026 Ty, poniewa\u017c Pyrkon to fantastyczne miejsce spotka\u0144. Spotkaj dziesi\u0105tki tysi\u0119cy niesamowitych ludzi, kt\u00f3rzy dziel\u0105 to samo hobby, co Ty! Podobnie do nich wr\u00f3cisz z fantastycznymi wspomnieniami do ko\u0144ca \u017cycia! Do\u0142\u0105cz do nas ju\u017c teraz!","breadcrumb":{"@id":"https:\/\/pyrkon.pl\/en\/media-about-pyrkon\/#breadcrumb"},"inLanguage":"en-US","potentialAction":[{"@type":"ReadAction","target":["https:\/\/pyrkon.pl\/en\/media-about-pyrkon\/"]}]},{"@type":"BreadcrumbList","@id":"https:\/\/pyrkon.pl\/en\/media-about-pyrkon\/#breadcrumb","itemListElement":[{"@type":"ListItem","position":1,"name":"Strona g\u0142\u00f3wna","item":"https:\/\/pyrkon.pl\/en\/"},{"@type":"ListItem","position":2,"name":"Media about Pyrkon"}]},{"@type":"WebSite","@id":"https:\/\/pyrkon.pl\/#website","url":"https:\/\/pyrkon.pl\/","name":"Pyrkon Fantastyczne Miejsce Spotka\u0144","description":"Festiwal Fantastyki","publisher":{"@id":"https:\/\/pyrkon.pl\/#organization"},"potentialAction":[{"@type":"SearchAction","target":{"@type":"EntryPoint","urlTemplate":"https:\/\/pyrkon.pl\/?s={search_term_string}"},"query-input":{"@type":"PropertyValueSpecification","valueRequired":true,"valueName":"search_term_string"}}],"inLanguage":"en-US"},{"@type":"Organization","@id":"https:\/\/pyrkon.pl\/#organization","name":"Pyrkon Fantastyczne Miejsce Spotka\u0144","url":"https:\/\/pyrkon.pl\/","logo":{"@type":"ImageObject","inLanguage":"en-US","@id":"https:\/\/pyrkon.pl\/#\/schema\/logo\/image\/","url":"https:\/\/pyrkon.pl\/wp-content\/uploads\/2018\/02\/Festiwal_Fantastyki_Pyrkon_logo_Black_CMYK.jpg","contentUrl":"https:\/\/pyrkon.pl\/wp-content\/uploads\/2018\/02\/Festiwal_Fantastyki_Pyrkon_logo_Black_CMYK.jpg","width":1300,"height":401,"caption":"Pyrkon Fantastyczne Miejsce Spotka\u0144"},"image":{"@id":"https:\/\/pyrkon.pl\/#\/schema\/logo\/image\/"},"sameAs":["https:\/\/www.facebook.com\/Pyrkon","https:\/\/x.com\/pyrkon","https:\/\/www.instagram.com\/pyrkon\/","https:\/\/www.youtube.com\/user\/FestiwalPyrkon"]}]}},"_links":{"self":[{"href":"https:\/\/pyrkon.pl\/en\/wp-json\/wp\/v2\/pages\/29804","targetHints":{"allow":["GET"]}}],"collection":[{"href":"https:\/\/pyrkon.pl\/en\/wp-json\/wp\/v2\/pages"}],"about":[{"href":"https:\/\/pyrkon.pl\/en\/wp-json\/wp\/v2\/types\/page"}],"author":[{"embeddable":true,"href":"https:\/\/pyrkon.pl\/en\/wp-json\/wp\/v2\/users\/8796"}],"replies":[{"embeddable":true,"href":"https:\/\/pyrkon.pl\/en\/wp-json\/wp\/v2\/comments?post=29804"}],"version-history":[{"count":2,"href":"https:\/\/pyrkon.pl\/en\/wp-json\/wp\/v2\/pages\/29804\/revisions"}],"predecessor-version":[{"id":40683,"href":"https:\/\/pyrkon.pl\/en\/wp-json\/wp\/v2\/pages\/29804\/revisions\/40683"}],"wp:attachment":[{"href":"https:\/\/pyrkon.pl\/en\/wp-json\/wp\/v2\/media?parent=29804"}],"wp:term":[{"taxonomy":"pyr_topics","embeddable":true,"href":"https:\/\/pyrkon.pl\/en\/wp-json\/wp\/v2\/pyr_topics?post=29804"}],"curies":[{"name":"wp","href":"https:\/\/api.w.org\/{rel}","templated":true}]}}